{"id":940,"date":"2012-07-31T17:59:37","date_gmt":"2012-07-31T15:59:37","guid":{"rendered":"http:\/\/beta.lossburg-schoemberg.de\/?page_id=940"},"modified":"2016-12-16T20:58:52","modified_gmt":"2016-12-16T19:58:52","slug":"november-kanzlertanne","status":"publish","type":"page","link":"https:\/\/lossburg-schoemberg.de\/index.php\/rueckblick\/2007-2\/november-kanzlertanne\/","title":{"rendered":"November: Kanzlertanne"},"content":{"rendered":"<table border=\"0\" align=\"center\">\n<tbody>\n<tr>\n<td><span style=\"color: #2c2b2b; font-size: 12px; line-height: 18px; background-color: #ffffff;\">In diesem Jahr kommt der Weihnachtsbaum f\u00fcr das Bundeskanzleramt\u00a0 aus Sch\u00f6mberg.<\/span><\/p>\n<p><span style=\"color: #2c2b2b; font-size: 12px; line-height: 18px; background-color: #ffffff;\">Am Fr. 23.11. wurde die Tanne gef\u00e4llt um dann nach Berlin gefahren zu werden. <\/span><\/p>\n<p><span style=\"color: #2c2b2b; font-size: 12px; line-height: 18px; background-color: #ffffff;\">Gesponsert wurde die Fahrt von &#8222;Alpirsbacher Klosterbr\u00e4u&#8220;. Vielen Dank daf\u00fcr. Die Tanne steht nun geschm\u00fcckt im ersten Stock des Bundeskanzleramtes. <\/span><\/p>\n<p><span style=\"color: #2c2b2b; font-size: 12px; line-height: 18px; background-color: #ffffff;\">Sie wurde am Donnerstag Abend 29.11. von einer Delegation aus Lo\u00dfburg, Sch\u00f6mberg und Freudenstadt an Frau Bundeskanzlerin Dr. Angela Merkel \u00fcbergeben.<\/span><\/p>\n<p><br style=\"color: #2c2b2b; font-size: 12px; line-height: 18px; background-color: #ffffff;\" \/><span style=\"color: #2c2b2b; font-size: 12px; line-height: 18px; background-color: #ffffff;\">Rechts Bilder von der F\u00e4llung der Tanne. Sie stand in der N\u00e4he des Spielplatzes &#8222;Oberer Wald&#8220;<\/span><\/td>\n<td><a href=\"http:\/\/beta.lossburg-schoemberg.de\/wp-content\/uploads\/2012\/07\/Kanzlertanne2.jpg\"><img loading=\"lazy\" decoding=\"async\" class=\"alignright wp-image-941\" title=\"Kanzlertanne2\" src=\"http:\/\/beta.lossburg-schoemberg.de\/wp-content\/uploads\/2012\/07\/Kanzlertanne2.jpg\" alt=\"\" width=\"300\" height=\"193\" \/><\/a><\/td>\n<\/tr>\n<tr>\n<td><a href=\"http:\/\/beta.lossburg-schoemberg.de\/wp-content\/uploads\/2012\/07\/Kanzlertanne1.jpg\"><img loading=\"lazy\" decoding=\"async\" class=\"aligncenter wp-image-942\" title=\"Kanzlertanne1\" src=\"http:\/\/beta.lossburg-schoemberg.de\/wp-content\/uploads\/2012\/07\/Kanzlertanne1.jpg\" alt=\"\" width=\"320\" height=\"249\" \/><\/a><\/td>\n<td><a href=\"http:\/\/beta.lossburg-schoemberg.de\/wp-content\/uploads\/2012\/07\/Kanzlertanne3.jpg\"><img loading=\"lazy\" decoding=\"async\" class=\"aligncenter wp-image-943\" title=\"Kanzlertanne3\" src=\"http:\/\/beta.lossburg-schoemberg.de\/wp-content\/uploads\/2012\/07\/Kanzlertanne3.jpg\" alt=\"\" width=\"320\" height=\"234\" \/><\/a><\/td>\n<\/tr>\n<\/tbody>\n<\/table>\n<p>&nbsp;<\/p>\n","protected":false},"excerpt":{"rendered":"<p>In diesem Jahr kommt der Weihnachtsbaum f\u00fcr das Bundeskanzleramt\u00a0 aus Sch\u00f6mberg. Am Fr. 23.11. wurde die Tanne gef\u00e4llt um dann nach Berlin gefahren zu werden. Gesponsert wurde die Fahrt von &#8222;Alpirsbacher Klosterbr\u00e4u&#8220;. Vielen Dank daf\u00fcr. Die Tanne steht nun geschm\u00fcckt im ersten Stock des Bundeskanzleramtes. Sie wurde am Donnerstag Abend 29.11. von einer Delegation aus &hellip; <\/p>\n<p><a class=\"more-link btn\" href=\"https:\/\/lossburg-schoemberg.de\/index.php\/rueckblick\/2007-2\/november-kanzlertanne\/\">Weiterlesen<\/a><\/p>\n","protected":false},"author":1,"featured_media":941,"parent":44,"menu_order":45,"comment_status":"open","ping_status":"open","template":"","meta":{"footnotes":""},"class_list":["post-940","page","type-page","status-publish","has-post-thumbnail","hentry","nodate","item-wrap"],"_links":{"self":[{"href":"https:\/\/lossburg-schoemberg.de\/index.php\/wp-json\/wp\/v2\/pages\/940","targetHints":{"allow":["GET"]}}],"collection":[{"href":"https:\/\/lossburg-schoemberg.de\/index.php\/wp-json\/wp\/v2\/pages"}],"about":[{"href":"https:\/\/lossburg-schoemberg.de\/index.php\/wp-json\/wp\/v2\/types\/page"}],"author":[{"embeddable":true,"href":"https:\/\/lossburg-schoemberg.de\/index.php\/wp-json\/wp\/v2\/users\/1"}],"replies":[{"embeddable":true,"href":"https:\/\/lossburg-schoemberg.de\/index.php\/wp-json\/wp\/v2\/comments?post=940"}],"version-history":[{"count":2,"href":"https:\/\/lossburg-schoemberg.de\/index.php\/wp-json\/wp\/v2\/pages\/940\/revisions"}],"predecessor-version":[{"id":3456,"href":"https:\/\/lossburg-schoemberg.de\/index.php\/wp-json\/wp\/v2\/pages\/940\/revisions\/3456"}],"up":[{"embeddable":true,"href":"https:\/\/lossburg-schoemberg.de\/index.php\/wp-json\/wp\/v2\/pages\/44"}],"wp:featuredmedia":[{"embeddable":true,"href":"https:\/\/lossburg-schoemberg.de\/index.php\/wp-json\/wp\/v2\/media\/941"}],"wp:attachment":[{"href":"https:\/\/lossburg-schoemberg.de\/index.php\/wp-json\/wp\/v2\/media?parent=940"}],"curies":[{"name":"wp","href":"https:\/\/api.w.org\/{rel}","templated":true}]}}