{"id":937,"date":"2012-07-31T17:55:57","date_gmt":"2012-07-31T15:55:57","guid":{"rendered":"http:\/\/beta.lossburg-schoemberg.de\/?page_id=937"},"modified":"2016-12-16T20:58:23","modified_gmt":"2016-12-16T19:58:23","slug":"dezember-christbaum-fuer-das-bundeskanzleramt-kommt-aus-schoemberg","status":"publish","type":"page","link":"https:\/\/lossburg-schoemberg.de\/index.php\/rueckblick\/2007-2\/dezember-christbaum-fuer-das-bundeskanzleramt-kommt-aus-schoemberg\/","title":{"rendered":"Dezember: Christbaum f\u00fcr das Bundeskanzleramt kommt aus Sch\u00f6mberg"},"content":{"rendered":"<p><a href=\"http:\/\/beta.lossburg-schoemberg.de\/wp-content\/uploads\/2012\/07\/Kanzlertanne4.jpg\"><img loading=\"lazy\" decoding=\"async\" class=\"alignright wp-image-938\" title=\"Kanzlertanne4\" src=\"http:\/\/beta.lossburg-schoemberg.de\/wp-content\/uploads\/2012\/07\/Kanzlertanne4.jpg\" alt=\"\" width=\"324\" height=\"287\" \/><\/a>Rechtzeitig zum ersten Advent wurde der wundersch\u00f6n geschm\u00fcckte Christbaum von einer kleinen Delegation an Bundeskanzlerin Angela Merkel \u00fcbergeben. Frau Merkel freute sich sichtlich \u00fcber den sch\u00f6nen Baum. In Berlin dabei waren: Thilo Schreiber, B\u00fcrgermeister der Gemeinde Lo\u00dfburg. Kurt Winter, Ortsvorsteher vom Ortsteil Sch\u00f6mberg. Ulrich D\u00fcrr, Gemeindek\u00e4mmerer Lo\u00dfburg. Michael Krause, Gesch\u00e4ftsf\u00fchrer der Freudenstadt Tourismus. Martin Schmalz, zust\u00e4ndiger F\u00f6rster f\u00fcr den Gemeindewald Lo\u00dfburg und dem Stiftungswald Sch\u00f6mberg.<br \/>\nMit dabei waren auch Peter W\u00e4lde, Vorstandsmitglied und J\u00f6rg Hilt, Gesch\u00e4ftsf\u00fchrer der Forstkammer Baden-W\u00fcrttemberg.<br \/>\nGefreut hat sich die Delegation, dass sie von unserem CDU-Bundestagsabgeordneten Hans-Joachim Fuchtel und von unserer SPD- Bundestagsabgeordneten Renate Gradistanac in Berlin begr\u00fc\u00dft wurden.<\/p>\n","protected":false},"excerpt":{"rendered":"<p>Rechtzeitig zum ersten Advent wurde der wundersch\u00f6n geschm\u00fcckte Christbaum von einer kleinen Delegation an Bundeskanzlerin Angela Merkel \u00fcbergeben. Frau Merkel freute sich sichtlich \u00fcber den sch\u00f6nen Baum. In Berlin dabei waren: Thilo Schreiber, B\u00fcrgermeister der Gemeinde Lo\u00dfburg. Kurt Winter, Ortsvorsteher vom Ortsteil Sch\u00f6mberg. Ulrich D\u00fcrr, Gemeindek\u00e4mmerer Lo\u00dfburg. Michael Krause, Gesch\u00e4ftsf\u00fchrer der Freudenstadt Tourismus. Martin Schmalz, &hellip; <\/p>\n<p><a class=\"more-link btn\" href=\"https:\/\/lossburg-schoemberg.de\/index.php\/rueckblick\/2007-2\/dezember-christbaum-fuer-das-bundeskanzleramt-kommt-aus-schoemberg\/\">Weiterlesen<\/a><\/p>\n","protected":false},"author":1,"featured_media":938,"parent":44,"menu_order":50,"comment_status":"open","ping_status":"open","template":"","meta":{"footnotes":""},"class_list":["post-937","page","type-page","status-publish","has-post-thumbnail","hentry","nodate","item-wrap"],"_links":{"self":[{"href":"https:\/\/lossburg-schoemberg.de\/index.php\/wp-json\/wp\/v2\/pages\/937","targetHints":{"allow":["GET"]}}],"collection":[{"href":"https:\/\/lossburg-schoemberg.de\/index.php\/wp-json\/wp\/v2\/pages"}],"about":[{"href":"https:\/\/lossburg-schoemberg.de\/index.php\/wp-json\/wp\/v2\/types\/page"}],"author":[{"embeddable":true,"href":"https:\/\/lossburg-schoemberg.de\/index.php\/wp-json\/wp\/v2\/users\/1"}],"replies":[{"embeddable":true,"href":"https:\/\/lossburg-schoemberg.de\/index.php\/wp-json\/wp\/v2\/comments?post=937"}],"version-history":[{"count":2,"href":"https:\/\/lossburg-schoemberg.de\/index.php\/wp-json\/wp\/v2\/pages\/937\/revisions"}],"predecessor-version":[{"id":3455,"href":"https:\/\/lossburg-schoemberg.de\/index.php\/wp-json\/wp\/v2\/pages\/937\/revisions\/3455"}],"up":[{"embeddable":true,"href":"https:\/\/lossburg-schoemberg.de\/index.php\/wp-json\/wp\/v2\/pages\/44"}],"wp:featuredmedia":[{"embeddable":true,"href":"https:\/\/lossburg-schoemberg.de\/index.php\/wp-json\/wp\/v2\/media\/938"}],"wp:attachment":[{"href":"https:\/\/lossburg-schoemberg.de\/index.php\/wp-json\/wp\/v2\/media?parent=937"}],"curies":[{"name":"wp","href":"https:\/\/api.w.org\/{rel}","templated":true}]}}