{"id":4690,"date":"2022-01-03T11:26:37","date_gmt":"2022-01-03T10:26:37","guid":{"rendered":"http:\/\/lossburg-schoemberg.de\/?page_id=4690"},"modified":"2022-07-02T19:56:02","modified_gmt":"2022-07-02T17:56:02","slug":"geplante-feier","status":"publish","type":"page","link":"https:\/\/lossburg-schoemberg.de\/index.php\/800-jahr-feier\/geplante-feier\/","title":{"rendered":"Geplante Feier"},"content":{"rendered":"<h3>Fest im Juli<\/h3>\n<p><strong>Freitag\u00a0 08.07.2022<\/strong><br \/>\nEr\u00f6ffnung in der Blockh\u00fctte im kleinen Kreis mit geladenen G\u00e4sten<\/p>\n<p><strong>Samstag\u00a0 09.07.2022<\/strong><br \/>\nUm 14:00 Uhr im Festzelt bei der H\u00fctte am Spielplatz oberer Wald Festvortrag von Kreisarchivarin Frau Dr. Karoline Adler<br \/>\nAnschlie\u00dfend Buchvorstellung durch Andreas \u00dcberschaer<br \/>\nErstmalige \u00d6ffnung der Dorfstube im Ehemaligen Sch\u00f6mberger Rathaus<br \/>\nAbends geselliges Zusammensein mit Musik und Barbetrieb im Festzelt<\/p>\n<p><strong>Sonntag 10.07.2022<\/strong><br \/>\n10 Uhr Festgottesdienst <span style=\"font-size: 14pt;\"><strong>&#8222;F\u00fcr Gro\u00df und Klein&#8220;<\/strong><\/span> in der Kirche mit unserem ehemaligen Pfarrer Gottfried A. B\u00fchrer<br \/>\n14 Uhr Festumzug mit ca. 15 Gruppen<br \/>\n(Aufstellung Altenburgstra\u00dfe, Strecke: \u00fcber die Reinerzauerstra\u00dfe, Blumenhofstra\u00dfe zur Blockh\u00fctte am Spielplatz oberer Wald)<br \/>\nFestausklang<\/p>\n","protected":false},"excerpt":{"rendered":"<p>Fest im Juli Freitag\u00a0 08.07.2022 Er\u00f6ffnung in der Blockh\u00fctte im kleinen Kreis mit geladenen G\u00e4sten Samstag\u00a0 09.07.2022 Um 14:00 Uhr im Festzelt bei der H\u00fctte am Spielplatz oberer Wald Festvortrag von Kreisarchivarin Frau Dr. Karoline Adler Anschlie\u00dfend Buchvorstellung durch Andreas \u00dcberschaer Erstmalige \u00d6ffnung der Dorfstube im Ehemaligen Sch\u00f6mberger Rathaus Abends geselliges Zusammensein mit Musik und &hellip; <\/p>\n<p><a class=\"more-link btn\" href=\"https:\/\/lossburg-schoemberg.de\/index.php\/800-jahr-feier\/geplante-feier\/\">Weiterlesen<\/a><\/p>\n","protected":false},"author":1,"featured_media":4296,"parent":4680,"menu_order":15,"comment_status":"closed","ping_status":"closed","template":"","meta":{"footnotes":""},"class_list":["post-4690","page","type-page","status-publish","has-post-thumbnail","hentry","nodate","item-wrap"],"_links":{"self":[{"href":"https:\/\/lossburg-schoemberg.de\/index.php\/wp-json\/wp\/v2\/pages\/4690","targetHints":{"allow":["GET"]}}],"collection":[{"href":"https:\/\/lossburg-schoemberg.de\/index.php\/wp-json\/wp\/v2\/pages"}],"about":[{"href":"https:\/\/lossburg-schoemberg.de\/index.php\/wp-json\/wp\/v2\/types\/page"}],"author":[{"embeddable":true,"href":"https:\/\/lossburg-schoemberg.de\/index.php\/wp-json\/wp\/v2\/users\/1"}],"replies":[{"embeddable":true,"href":"https:\/\/lossburg-schoemberg.de\/index.php\/wp-json\/wp\/v2\/comments?post=4690"}],"version-history":[{"count":4,"href":"https:\/\/lossburg-schoemberg.de\/index.php\/wp-json\/wp\/v2\/pages\/4690\/revisions"}],"predecessor-version":[{"id":4827,"href":"https:\/\/lossburg-schoemberg.de\/index.php\/wp-json\/wp\/v2\/pages\/4690\/revisions\/4827"}],"up":[{"embeddable":true,"href":"https:\/\/lossburg-schoemberg.de\/index.php\/wp-json\/wp\/v2\/pages\/4680"}],"wp:featuredmedia":[{"embeddable":true,"href":"https:\/\/lossburg-schoemberg.de\/index.php\/wp-json\/wp\/v2\/media\/4296"}],"wp:attachment":[{"href":"https:\/\/lossburg-schoemberg.de\/index.php\/wp-json\/wp\/v2\/media?parent=4690"}],"curies":[{"name":"wp","href":"https:\/\/api.w.org\/{rel}","templated":true}]}}