{"id":4153,"date":"2019-04-08T14:19:28","date_gmt":"2019-04-08T12:19:28","guid":{"rendered":"http:\/\/lossburg-schoemberg.de\/?page_id=4153"},"modified":"2021-01-11T20:50:07","modified_gmt":"2021-01-11T19:50:07","slug":"40-jahre-dorfgemeinschaft-schoemberg","status":"publish","type":"page","link":"https:\/\/lossburg-schoemberg.de\/index.php\/rueckblick\/2019-2\/40-jahre-dorfgemeinschaft-schoemberg\/","title":{"rendered":"40 Jahre Dorfgemeinschaft Sch\u00f6mberg"},"content":{"rendered":"\n<p>Seit Februar 1979 besteht die Dorfgemeinschaft Sch\u00f6mberg. Dieser &#8222;runde Geburtstag&#8220; galt es zu feiern denn die Dorfgemeinschaft ist sehr stabil mit vielerlei Aktionen das Jahr hindurch. <\/p>\n\n\n\n<p><strong>Die Feier war im Juni 2019, <\/strong> einen Tag nach der Sonnwendfeier an der Blockh\u00fctte am Spielplatz oberer Wald<\/p>\n\n\n\n<p>P\u00fcnktlich zum Festgottesdienst, den Pfarrer Martin Frank mit und gefeiert hat, kam die Sonne raus. Die Sonne blieb uns erhalten, so dass wir das Fest bei sch\u00f6nem Wetter feiern konnten. Dieser Gottesdienst wurde begleitet vom Posaunenchor unter der Leitung von Dietmar Weigold. Mitgestaltet wurde der Gottesdienst auch mit Beitr\u00e4gen einiger Sch\u00f6mbergerinnen und Sch\u00f6mbergern.<br>Im Anschluss gab es einige Festreden. <br>Marco Eberhardt, der Vorstand der Dorfgemeinschaft ging auf die Anf\u00e4nge der Dorfgemeinschaft ein, auf &#8222;highlites&#8220; der letzten 40 Jahre wie z.B. die Einweihung des B\u00fcrger- und G\u00e4stehauses, die vielen Aktionen in zusammenhang mit den Dorfwettbewerben wie z.B. die Renovierung des Backh\u00e4usles, die Renovierung der Rathausfassade, viel Einsatz beim Bau der Blockh\u00fctte usw. Weiter ging er auf die relm\u00e4\u00dfigen Aktionen ein, wie: die Maiwanderung, Herbstausflug, Ausrichtung der Sonnwendfeier, abwechselnd mit der Feuerwehr, Backhausfest, Nikolausfeier und viele Eins\u00e4tze z.B. bei der Altenfeier oder bei den Dorfnachmittagen.<\/p>\n\n\n\n<p>Auch B\u00fcrgermeister Christof Enderle hat es sich nicht nehmen lassen, bei der Feier dabei zu sein. Er hat in seiner Festansprache die sehr r\u00fchrige Dorfgemeinschaft Sch\u00f6mberg gelobt.<br><br>Ortsvorsteher Kurt Winter hat die vielen Aktionen gelobt die das Zusammengeh\u00f6rigkeitsgef\u00fchl im Dorf st\u00e4rken. Er ging auf die gro\u00dfen Erfolge bei den Dorfwettbewerben ein, die nur durch das au\u00dfergew\u00f6hnliche Engagement in zusammenarbeit mit der Dorfgemeinschaft m\u00f6glich waren. <br><br>Feuerwehrkommandant Uli Armbruster hob in seiner Rede ebenfalls das &#8222;D\u00f6rfliche Miteinander&#8220; hervor, das auch in einer Tafel zum Ausdruck kam, die er kurz davor enth\u00fcllt hatte.<\/p>\n\n\n\n<p><br><strong>&#8222;Wir im Dorf f\u00fcr unser Dorf&#8220; <\/strong><\/p>\n\n\n\n<p>Die G\u00e4ste wurden unterhalten vom &#8222;H\u00fcttenorgler&#8220; Roland Epting<\/p>\n\n\n\n<p>Bei gutem Mittagessen, Nachmittags bei Kaffee und Kuchen ist der sch\u00f6ne Fesstag ausgeklungen.<\/p>\n\n\n\n<p>Hier noch Bilder des Jubil\u00e4ums.<\/p>\n\n\n\n<p><br><\/p>\n\n\n\n<figure class=\"wp-block-image\"><img loading=\"lazy\" decoding=\"async\" width=\"1024\" height=\"678\" src=\"http:\/\/lossburg-schoemberg.de\/wp-content\/uploads\/2019\/07\/DSC_5143-1024x678.jpg\" alt=\"\" class=\"wp-image-4200\" srcset=\"https:\/\/lossburg-schoemberg.de\/wp-content\/uploads\/2019\/07\/DSC_5143-1024x678.jpg 1024w, https:\/\/lossburg-schoemberg.de\/wp-content\/uploads\/2019\/07\/DSC_5143-300x199.jpg 300w, https:\/\/lossburg-schoemberg.de\/wp-content\/uploads\/2019\/07\/DSC_5143-768x509.jpg 768w\" sizes=\"auto, (max-width: 1024px) 100vw, 1024px\" \/><figcaption>Die aktiven der Dorfgemeinschaft Sch\u00f6mberg im Jubil\u00e4umsjahr 2019. 2.von rechts Ortsvorsteher Kurt Winter<\/figcaption><\/figure>\n\n\n\n<div class=\"wp-block-image\"><figure class=\"aligncenter\"><img loading=\"lazy\" decoding=\"async\" width=\"678\" height=\"1024\" src=\"http:\/\/lossburg-schoemberg.de\/wp-content\/uploads\/2019\/07\/Gottesdienst-678x1024.jpg\" alt=\"\" class=\"wp-image-4206\" srcset=\"https:\/\/lossburg-schoemberg.de\/wp-content\/uploads\/2019\/07\/Gottesdienst-678x1024.jpg 678w, https:\/\/lossburg-schoemberg.de\/wp-content\/uploads\/2019\/07\/Gottesdienst-199x300.jpg 199w, https:\/\/lossburg-schoemberg.de\/wp-content\/uploads\/2019\/07\/Gottesdienst-768x1160.jpg 768w\" sizes=\"auto, (max-width: 678px) 100vw, 678px\" \/><figcaption>Pfarrer Martin Frank beim Festgottesdienst<\/figcaption><\/figure><\/div>\n\n\n\n<div class=\"wp-block-image\"><figure class=\"aligncenter\"><img loading=\"lazy\" decoding=\"async\" width=\"1024\" height=\"543\" src=\"http:\/\/lossburg-schoemberg.de\/wp-content\/uploads\/2019\/07\/Posaunenchor2-1024x543.jpg\" alt=\"\" class=\"wp-image-4208\" srcset=\"https:\/\/lossburg-schoemberg.de\/wp-content\/uploads\/2019\/07\/Posaunenchor2-1024x543.jpg 1024w, https:\/\/lossburg-schoemberg.de\/wp-content\/uploads\/2019\/07\/Posaunenchor2-300x159.jpg 300w, https:\/\/lossburg-schoemberg.de\/wp-content\/uploads\/2019\/07\/Posaunenchor2-768x407.jpg 768w\" sizes=\"auto, (max-width: 1024px) 100vw, 1024px\" \/><figcaption>Der Posaunenchor unter der Leitung von Peter Weigold<\/figcaption><\/figure><\/div>\n\n\n\n<div class=\"wp-block-image\"><figure class=\"aligncenter\"><img loading=\"lazy\" decoding=\"async\" width=\"1024\" height=\"678\" src=\"http:\/\/lossburg-schoemberg.de\/wp-content\/uploads\/2019\/07\/DSC_5088-1024x678.jpg\" alt=\"\" class=\"wp-image-4201\" srcset=\"https:\/\/lossburg-schoemberg.de\/wp-content\/uploads\/2019\/07\/DSC_5088-1024x678.jpg 1024w, https:\/\/lossburg-schoemberg.de\/wp-content\/uploads\/2019\/07\/DSC_5088-300x199.jpg 300w, https:\/\/lossburg-schoemberg.de\/wp-content\/uploads\/2019\/07\/DSC_5088-768x509.jpg 768w\" sizes=\"auto, (max-width: 1024px) 100vw, 1024px\" \/><figcaption>Marco Eberhardt bei seiner Festrede<\/figcaption><\/figure><\/div>\n\n\n\n<div class=\"wp-block-image\"><figure class=\"aligncenter\"><img loading=\"lazy\" decoding=\"async\" width=\"719\" height=\"1024\" src=\"http:\/\/lossburg-schoemberg.de\/wp-content\/uploads\/2019\/07\/BM-Enderle-719x1024.jpg\" alt=\"\" class=\"wp-image-4204\" srcset=\"https:\/\/lossburg-schoemberg.de\/wp-content\/uploads\/2019\/07\/BM-Enderle-719x1024.jpg 719w, https:\/\/lossburg-schoemberg.de\/wp-content\/uploads\/2019\/07\/BM-Enderle-211x300.jpg 211w, https:\/\/lossburg-schoemberg.de\/wp-content\/uploads\/2019\/07\/BM-Enderle-768x1094.jpg 768w, https:\/\/lossburg-schoemberg.de\/wp-content\/uploads\/2019\/07\/BM-Enderle.jpg 916w\" sizes=\"auto, (max-width: 719px) 100vw, 719px\" \/><figcaption>B\u00fcrgermeister Christof Enderle gratuliert Marco Eberhardt zum Jubil\u00e4um<\/figcaption><\/figure><\/div>\n\n\n\n<div class=\"wp-block-image\"><figure class=\"aligncenter\"><img loading=\"lazy\" decoding=\"async\" width=\"626\" height=\"1024\" src=\"http:\/\/lossburg-schoemberg.de\/wp-content\/uploads\/2019\/07\/OV-Winter-626x1024.jpg\" alt=\"\" class=\"wp-image-4207\" srcset=\"https:\/\/lossburg-schoemberg.de\/wp-content\/uploads\/2019\/07\/OV-Winter-626x1024.jpg 626w, https:\/\/lossburg-schoemberg.de\/wp-content\/uploads\/2019\/07\/OV-Winter-183x300.jpg 183w, https:\/\/lossburg-schoemberg.de\/wp-content\/uploads\/2019\/07\/OV-Winter-768x1257.jpg 768w, https:\/\/lossburg-schoemberg.de\/wp-content\/uploads\/2019\/07\/OV-Winter.jpg 781w\" sizes=\"auto, (max-width: 626px) 100vw, 626px\" \/><figcaption>Ortsvorsteher Kurt Winter am Rednerpult bei der Festrede zum 40-j\u00e4hrigen Jubil\u00e4um<\/figcaption><\/figure><\/div>\n\n\n\n\n\n<p><\/p>\n\n\n\n<figure class=\"wp-block-image\"><img loading=\"lazy\" decoding=\"async\" width=\"1024\" height=\"722\" src=\"http:\/\/lossburg-schoemberg.de\/wp-content\/uploads\/2019\/05\/40JahreDG-1024x722.jpg\" alt=\"\" class=\"wp-image-4189\" srcset=\"https:\/\/lossburg-schoemberg.de\/wp-content\/uploads\/2019\/05\/40JahreDG-1024x722.jpg 1024w, https:\/\/lossburg-schoemberg.de\/wp-content\/uploads\/2019\/05\/40JahreDG-300x212.jpg 300w, https:\/\/lossburg-schoemberg.de\/wp-content\/uploads\/2019\/05\/40JahreDG-768x542.jpg 768w, https:\/\/lossburg-schoemberg.de\/wp-content\/uploads\/2019\/05\/40JahreDG.jpg 1177w\" sizes=\"auto, (max-width: 1024px) 100vw, 1024px\" \/><\/figure>\n","protected":false},"excerpt":{"rendered":"<p>Seit Februar 1979 besteht die Dorfgemeinschaft Sch\u00f6mberg. Dieser &#8222;runde Geburtstag&#8220; galt es zu feiern denn die Dorfgemeinschaft ist sehr stabil mit vielerlei Aktionen das Jahr hindurch. Die Feier war im Juni 2019, einen Tag nach der Sonnwendfeier an der Blockh\u00fctte am Spielplatz oberer Wald P\u00fcnktlich zum Festgottesdienst, den Pfarrer Martin Frank mit und gefeiert hat, &hellip; <\/p>\n<p><a class=\"more-link btn\" href=\"https:\/\/lossburg-schoemberg.de\/index.php\/rueckblick\/2019-2\/40-jahre-dorfgemeinschaft-schoemberg\/\">Weiterlesen<\/a><\/p>\n","protected":false},"author":1,"featured_media":3906,"parent":4156,"menu_order":35,"comment_status":"closed","ping_status":"closed","template":"","meta":{"footnotes":""},"class_list":["post-4153","page","type-page","status-publish","has-post-thumbnail","hentry","nodate","item-wrap"],"_links":{"self":[{"href":"https:\/\/lossburg-schoemberg.de\/index.php\/wp-json\/wp\/v2\/pages\/4153","targetHints":{"allow":["GET"]}}],"collection":[{"href":"https:\/\/lossburg-schoemberg.de\/index.php\/wp-json\/wp\/v2\/pages"}],"about":[{"href":"https:\/\/lossburg-schoemberg.de\/index.php\/wp-json\/wp\/v2\/types\/page"}],"author":[{"embeddable":true,"href":"https:\/\/lossburg-schoemberg.de\/index.php\/wp-json\/wp\/v2\/users\/1"}],"replies":[{"embeddable":true,"href":"https:\/\/lossburg-schoemberg.de\/index.php\/wp-json\/wp\/v2\/comments?post=4153"}],"version-history":[{"count":8,"href":"https:\/\/lossburg-schoemberg.de\/index.php\/wp-json\/wp\/v2\/pages\/4153\/revisions"}],"predecessor-version":[{"id":4462,"href":"https:\/\/lossburg-schoemberg.de\/index.php\/wp-json\/wp\/v2\/pages\/4153\/revisions\/4462"}],"up":[{"embeddable":true,"href":"https:\/\/lossburg-schoemberg.de\/index.php\/wp-json\/wp\/v2\/pages\/4156"}],"wp:featuredmedia":[{"embeddable":true,"href":"https:\/\/lossburg-schoemberg.de\/index.php\/wp-json\/wp\/v2\/media\/3906"}],"wp:attachment":[{"href":"https:\/\/lossburg-schoemberg.de\/index.php\/wp-json\/wp\/v2\/media?parent=4153"}],"curies":[{"name":"wp","href":"https:\/\/api.w.org\/{rel}","templated":true}]}}